{"id":2009,"date":"2022-03-11T04:09:37","date_gmt":"2022-03-11T02:09:37","guid":{"rendered":"https:\/\/eviso.ai\/?post_type=governance&#038;p=2009"},"modified":"2022-12-14T16:31:08","modified_gmt":"2022-12-14T14:31:08","slug":"roberto-ing-vancini","status":"publish","type":"governance","link":"https:\/\/eviso.ai\/fr\/investor-relations\/gouvernance\/roberto-ing-vancini\/","title":{"rendered":"Roberto ing. Vancini"},"content":{"rendered":"<p><span style=\"font-weight: 400;\">Dipl\u00f4m\u00e9 en g\u00e9nie \u00e9lectronique, sp\u00e9cialisation informatique \u00e0 l&rsquo;Universit\u00e9 de Bologne.<\/span><\/p>\n<p><span style=\"font-weight: 400;\">De 1984 \u00e0 1989, il rejoint la filiale de Bologne d&rsquo;Olivetti Computers (HW HITACHI compatible IBM), une structure technico-commerciale dont la zone de r\u00e9f\u00e9rence est Triveneto, Emilia-Romagna et Marche qui s&rsquo;adresse aux entreprises et au segment sup\u00e9rieur (Industries, Institutions de cr\u00e9dit et organismes publics). Par la suite, de 1989 \u00e0 1992, il rejoint, en tant que directeur, la succursale de Bologne d&rsquo;Atlantic Italia sp\u00e9cialis\u00e9e dans le courtage et les services financiers d\u00e9di\u00e9s au secteur informatique.<\/span><\/p>\n<p><span style=\"font-weight: 400;\">En octobre 2003, il a \u00e9t\u00e9 directeur g\u00e9n\u00e9ral d&rsquo;Acantho S.p.A., une entreprise industrielle op\u00e9rant dans la r\u00e9gion d&rsquo;\u00c9milie-Romagne dans le domaine du d\u00e9veloppement des t\u00e9l\u00e9communications locales \u00e0 haut d\u00e9bit et de la promotion de projets d&rsquo;innovation technologique, avec une proposition cibl\u00e9e sur les Services TLC (voix, data, internet, vid\u00e9os th\u00e9matiques) et IT d\u00e9livr\u00e9s via son propre r\u00e9seau fibre optique et un Data Center de tr\u00e8s haute technologie.<\/span><\/p>\n<p><span style=\"font-weight: 400;\">Depuis mai 2017, il est pr\u00e9sident d&rsquo;Acantho et membre du conseil d&rsquo;administration de certaines soci\u00e9t\u00e9s d&rsquo;un grand groupe industriel multinational (Marcegaglia Group), ainsi que membre effectif du conseil g\u00e9n\u00e9ral de Confindustria Emilia-Centro, en tant que directeur g\u00e9n\u00e9ral de la cha\u00eene d&rsquo;approvisionnement num\u00e9rique. Depuis octobre 2019, il occupe le poste de membre ind\u00e9pendant du Conseil d&rsquo;administration de l&rsquo;\u00e9metteur.<\/span><\/p>\n<p>&nbsp;<\/p>\n<p><a href=\"https:\/\/eviso.ai\/wp-content\/uploads\/roberto_vancini_cv_apr_20.pdf\">T\u00e9l\u00e9charger le CV<\/a><\/p>\n","protected":false},"excerpt":{"rendered":"<p>Administrateur Ind\u00e9pendant<\/p>\n","protected":false},"featured_media":1296,"template":"","class_list":["post-2009","governance","type-governance","status-publish","has-post-thumbnail","hentry"],"_links":{"self":[{"href":"https:\/\/eviso.ai\/fr\/wp-json\/wp\/v2\/governance\/2009","targetHints":{"allow":["GET"]}}],"collection":[{"href":"https:\/\/eviso.ai\/fr\/wp-json\/wp\/v2\/governance"}],"about":[{"href":"https:\/\/eviso.ai\/fr\/wp-json\/wp\/v2\/types\/governance"}],"wp:featuredmedia":[{"embeddable":true,"href":"https:\/\/eviso.ai\/fr\/wp-json\/wp\/v2\/media\/1296"}],"wp:attachment":[{"href":"https:\/\/eviso.ai\/fr\/wp-json\/wp\/v2\/media?parent=2009"}],"curies":[{"name":"wp","href":"https:\/\/api.w.org\/{rel}","templated":true}]}}